{"id":35812,"date":"2024-11-28T09:11:35","date_gmt":"2024-11-28T09:11:35","guid":{"rendered":"https:\/\/conchamoreno.com\/accessibilite\/"},"modified":"2025-02-13T18:51:56","modified_gmt":"2025-02-13T18:51:56","slug":"accessibilite","status":"publish","type":"page","link":"https:\/\/conchamoreno.com\/fr\/accessibilite\/","title":{"rendered":"Accessibilit\u00e9"},"content":{"rendered":"\t\t<div data-elementor-type=\"wp-page\" data-elementor-id=\"35812\" class=\"elementor elementor-35812 elementor-29046\" data-elementor-post-type=\"page\">\n\t\t\t\t<div class=\"elementor-element elementor-element-22d2afb e-flex e-con-boxed e-con e-parent\" data-id=\"22d2afb\" data-element_type=\"container\" data-e-type=\"container\">\n\t\t\t\t\t<div class=\"e-con-inner\">\n\t\t\t\t<div class=\"elementor-element elementor-element-e461d14 elementor-widget elementor-widget-text-editor\" data-id=\"e461d14\" data-element_type=\"widget\" data-e-type=\"widget\" data-widget_type=\"text-editor.default\">\n\t\t\t\t<div class=\"elementor-widget-container\">\n\t\t\t\t\t\t\t\t\t<p>Le site web <a href=\"https:\/\/conchamoreno.com\/fr\/\">conchamoreno.com\/<\/a> appartenant \u00e0 CONCHA MORENO S.L, s&#8217;engage \u00e0 ce que le site web susmentionn\u00e9 soit accessible conform\u00e9ment au d\u00e9cret royal 1112\/2018, du 7 septembre, sur l&#8217;accessibilit\u00e9 des sites web et des applications du secteur public pour les appareils mobiles.<\/p>\n<p>La pr\u00e9sente d\u00e9claration d&#8217;accessibilit\u00e9 s&#8217;applique au site web <a href=\"https:\/\/conchamoreno.com\/fr\/\">https:\/\/conchamoreno.com\/<\/a>.<\/p>\n<p>\u00c9TAT DE CONFORMIT\u00c9<\/p>\n<p>Ce site web est partiellement conforme au RD 1112\/2018 en raison des exceptions et de la non-conformit\u00e9 des aspects indiqu\u00e9s dans le point suivant.<\/p>\n<p>CONTENU NON ACCESSIBLE<\/p>\n<p>Le contenu qui n&#8217;est pas accessible conform\u00e9ment au RD 1112\/2018 est indiqu\u00e9 ci-dessous.<\/p>\n<p>Dans certains formulaires, le champ de saisie qui recueille les informations de l&#8217;utilisateur n&#8217;a pas de finalit\u00e9 identifi\u00e9e.  [Requisito N\u00famero 9.1.3.5 de la Norma UNE-EN 301549:2021-03 Identificaci\u00f3n del Prop\u00f3sito de Entrada].<br \/>Sur certaines pages, les composants de l&#8217;interface utilisateur tels que les \u00e9l\u00e9ments de formulaire, les liens et les composants g\u00e9n\u00e9r\u00e9s par les scripts ne suivent pas la structure recommand\u00e9e par les directives d&#8217;accessibilit\u00e9 [exigence num\u00e9ro 9.4.1.2 de la norme UNE-EN 301549:2021-03 Nom, fonction, valeur].<br \/>Il peut arriver que certaines images ne soient pas balis\u00e9es ou qu&#8217;elles aient une alternative de texte g\u00e9n\u00e9rique.  [Requisito N\u00famero 10.1.1.1 de la Norma UNE-EN 301549:2021-03 Contenido no Textual].<br \/>Sur certaines pages, certains \u00e9l\u00e9ments n&#8217;ont pas le focus clavier.  [Requisito N\u00famero 9.2.1.1 de la Norma UNE-EN 301549:2021-03 Teclado].<br \/>Occasionnellement, dans certains formulaires, un changement automatique de contexte peut se produire sans que l&#8217;utilisateur en soit averti.  [Requisito N\u00famero 9.3.3.2 de la Norma UNE-EN 301549:2021-03 Etiquetas e Instrucciones].<br \/>Contenu qui n&#8217;entre pas dans le champ d&#8217;application de la l\u00e9gislation applicable :<\/p>\n<p>Il peut y avoir des fichiers bureautiques au format PDF ou dans d&#8217;autres formats qui ne r\u00e9pondent pas \u00e0 toutes les exigences en mati\u00e8re d&#8217;accessibilit\u00e9.<\/p>\n<p>PR\u00c9PARATION DE LA PR\u00c9SENTE D\u00c9CLARATION D&#8217;ACCESSIBILIT\u00c9<\/p>\n<p>Cette d\u00e9claration a \u00e9t\u00e9 pr\u00e9par\u00e9e le 1er novembre 2024.<\/p>\n<p>La m\u00e9thode utilis\u00e9e pour pr\u00e9parer la d\u00e9claration a \u00e9t\u00e9 une auto-\u00e9valuation r\u00e9alis\u00e9e par l&#8217;entreprise qui a d\u00e9velopp\u00e9 la plateforme web (Grupo On Market S.L.).<\/p>\n<p>REMARQUES ET COORDONN\u00c9ES<\/p>\n<p>Vous pouvez faire des communications sur les exigences en mati\u00e8re d&#8217;accessibilit\u00e9 (article 10.2.a du RD 1112\/2018), par exemple :<\/p>\n<p>Pour signaler toute non-conformit\u00e9 \u00e9ventuelle de ce site web Pour signaler d&#8217;autres difficult\u00e9s d&#8217;acc\u00e8s au contenu Pour faire toute autre demande ou suggestion d&#8217;am\u00e9lioration relative \u00e0 l&#8217;accessibilit\u00e9 du site web En utilisant le formulaire de contact de ce site web.<\/p>\n<p>Vous pouvez soumettre votre candidature :<\/p>\n<p>Plainte concernant le respect des exigences du RD 1112\/2018 ou Demande d&#8217;informations accessibles concernant : &#8211; Le contenu qui est exclu du champ d&#8217;application du RD 1112\/2018 tel qu&#8217;\u00e9tabli par l&#8217;article 3, paragraphe 4.<\/p>\n<p>&#8211; Contenu qui est exempt\u00e9 des exigences d&#8217;accessibilit\u00e9 parce qu&#8217;il impose une charge disproportionn\u00e9e.<\/p>\n<p>Dans la demande d&#8217;informations accessibles, les faits, les raisons et la demande doivent \u00eatre clairement expos\u00e9s afin d&#8217;\u00e9tablir que la demande est raisonnable et l\u00e9gitime.<\/p>\n<p>Les plaintes et r\u00e9clamations concernant l&#8217;accessibilit\u00e9 de l&#8217;information seront formul\u00e9es par courrier \u00e9lectronique, en r\u00e9pondant aux messages re\u00e7us par le biais du formulaire.<\/p>\n<p>CONTENU FACULTATIF<\/p>\n<p>Ce portail est con\u00e7u pour permettre de modifier la taille et la couleur du texte, ainsi que l&#8217;arri\u00e8re-plan de la page \u00e0 l&#8217;aide des options de configuration standard des navigateurs.<\/p>\n<p>Si vous souhaitez modifier la taille de la police du texte dans les principaux navigateurs graphiques, utilisez les menus suivants :<\/p>\n<p>&gt;<br \/> &gt;<br \/> &gt;<br \/> &gt;<br \/>Internet Explorer, Mozilla et Firefox : Voir Taille du texte Opera : Voir Zoom Safari : Voir Agrandir le texte Chrome : Contr\u00f4ler la page actuelle Taille du texte Pour modifier la taille de tous les \u00e9l\u00e9ments de la page :<\/p>\n<p>Ctrl + + pour effectuer un zoom avant Ctrl + &#8211; pour effectuer un zoom arri\u00e8re Ctrl + 0 r\u00e9tablit la taille originale du texte Si vous souhaitez remplacer la feuille de style ou modifier la couleur du texte, vous pouvez consulter la page de la WAI intitul\u00e9e How to Change Text Size or Colors, qui peut \u00eatre consult\u00e9e en anglais \u00e0 l&#8217;adresse suivante How to change text size or colours ?<\/p>\n\t\t\t\t\t\t\t\t<\/div>\n\t\t\t\t<\/div>\n\t\t\t\t\t<\/div>\n\t\t\t\t<\/div>\n\t\t\t\t<\/div>\n\t\t","protected":false},"excerpt":{"rendered":"<p>Le site web conchamoreno.com\/ appartenant \u00e0 CONCHA MORENO S.L, s&#8217;engage \u00e0 ce que le site web susmentionn\u00e9 soit accessible conform\u00e9ment au d\u00e9cret royal 1112\/2018, du 7 septembre, sur l&#8217;accessibilit\u00e9 des sites web et des applications du secteur public pour les appareils mobiles. La pr\u00e9sente d\u00e9claration d&#8217;accessibilit\u00e9 s&#8217;applique au site web https:\/\/conchamoreno.com\/. \u00c9TAT DE CONFORMIT\u00c9 Ce [&hellip;]<\/p>\n","protected":false},"author":266,"featured_media":0,"parent":0,"menu_order":0,"comment_status":"closed","ping_status":"closed","template":"","meta":{"_joinchat":[],"footnotes":""},"class_list":["post-35812","page","type-page","status-publish","hentry"],"yoast_head":"<!-- This site is optimized with the Yoast SEO plugin v27.0 - https:\/\/yoast.com\/product\/yoast-seo-wordpress\/ -->\n<title>Accessibilit\u00e9 - Concha Moreno - Alquiler de apartamentos en Oropesa<\/title>\n<meta name=\"robots\" content=\"noindex, nofollow\" \/>\n<meta property=\"og:locale\" content=\"fr_FR\" \/>\n<meta property=\"og:type\" content=\"article\" \/>\n<meta property=\"og:title\" content=\"Accessibilit\u00e9 - Concha Moreno - Alquiler de apartamentos en Oropesa\" \/>\n<meta property=\"og:description\" content=\"Le site web conchamoreno.com\/ appartenant \u00e0 CONCHA MORENO S.L, s&#8217;engage \u00e0 ce que le site web susmentionn\u00e9 soit accessible conform\u00e9ment au d\u00e9cret royal 1112\/2018, du 7 septembre, sur l&#8217;accessibilit\u00e9 des sites web et des applications du secteur public pour les appareils mobiles. La pr\u00e9sente d\u00e9claration d&#8217;accessibilit\u00e9 s&#8217;applique au site web https:\/\/conchamoreno.com\/. \u00c9TAT DE CONFORMIT\u00c9 Ce [&hellip;]\" \/>\n<meta property=\"og:url\" content=\"https:\/\/conchamoreno.com\/fr\/accessibilite\/\" \/>\n<meta property=\"og:site_name\" content=\"Concha Moreno - Alquiler de apartamentos en Oropesa\" \/>\n<meta property=\"article:modified_time\" content=\"2025-02-13T18:51:56+00:00\" \/>\n<meta name=\"twitter:card\" content=\"summary_large_image\" \/>\n<meta name=\"twitter:label1\" content=\"Dur\u00e9e de lecture estim\u00e9e\" \/>\n\t<meta name=\"twitter:data1\" content=\"3 minutes\" \/>\n<script type=\"application\/ld+json\" class=\"yoast-schema-graph\">{\"@context\":\"https:\/\/schema.org\",\"@graph\":[{\"@type\":\"WebPage\",\"@id\":\"https:\/\/conchamoreno.com\/fr\/accessibilite\/\",\"url\":\"https:\/\/conchamoreno.com\/fr\/accessibilite\/\",\"name\":\"Accessibilit\u00e9 - Concha Moreno - Alquiler de apartamentos en Oropesa\",\"isPartOf\":{\"@id\":\"https:\/\/conchamoreno.com\/#website\"},\"datePublished\":\"2024-11-28T09:11:35+00:00\",\"dateModified\":\"2025-02-13T18:51:56+00:00\",\"breadcrumb\":{\"@id\":\"https:\/\/conchamoreno.com\/fr\/accessibilite\/#breadcrumb\"},\"inLanguage\":\"fr-FR\",\"potentialAction\":[{\"@type\":\"ReadAction\",\"target\":[\"https:\/\/conchamoreno.com\/fr\/accessibilite\/\"]}]},{\"@type\":\"BreadcrumbList\",\"@id\":\"https:\/\/conchamoreno.com\/fr\/accessibilite\/#breadcrumb\",\"itemListElement\":[{\"@type\":\"ListItem\",\"position\":1,\"name\":\"Portada\",\"item\":\"https:\/\/conchamoreno.com\/\"},{\"@type\":\"ListItem\",\"position\":2,\"name\":\"Accessibilit\u00e9\"}]},{\"@type\":\"WebSite\",\"@id\":\"https:\/\/conchamoreno.com\/#website\",\"url\":\"https:\/\/conchamoreno.com\/\",\"name\":\"Concha Moreno - Alquiler de apartamentos en Oropesa\",\"description\":\"Inmobiliaria en Oropesa del Mar especializada en el alquiler vacacional. Gestionamos la venta y el alquiler de villas, casas y apartamentos en Oropesa del Mar.\",\"publisher\":{\"@id\":\"https:\/\/conchamoreno.com\/#organization\"},\"potentialAction\":[{\"@type\":\"SearchAction\",\"target\":{\"@type\":\"EntryPoint\",\"urlTemplate\":\"https:\/\/conchamoreno.com\/?s={search_term_string}\"},\"query-input\":{\"@type\":\"PropertyValueSpecification\",\"valueRequired\":true,\"valueName\":\"search_term_string\"}}],\"inLanguage\":\"fr-FR\"},{\"@type\":\"Organization\",\"@id\":\"https:\/\/conchamoreno.com\/#organization\",\"name\":\"Concha Moreno - Alquiler de apartamentos en Oropesa\",\"url\":\"https:\/\/conchamoreno.com\/\",\"logo\":{\"@type\":\"ImageObject\",\"inLanguage\":\"fr-FR\",\"@id\":\"https:\/\/conchamoreno.com\/#\/schema\/logo\/image\/\",\"url\":\"https:\/\/conchamoreno.com\/wp-content\/uploads\/2024\/03\/Logo_Concha-Moreno_Inmobiliaria.jpg\",\"contentUrl\":\"https:\/\/conchamoreno.com\/wp-content\/uploads\/2024\/03\/Logo_Concha-Moreno_Inmobiliaria.jpg\",\"width\":500,\"height\":500,\"caption\":\"Concha Moreno - Alquiler de apartamentos en Oropesa\"},\"image\":{\"@id\":\"https:\/\/conchamoreno.com\/#\/schema\/logo\/image\/\"}}]}<\/script>\n<!-- \/ Yoast SEO plugin. -->","yoast_head_json":{"title":"Accessibilit\u00e9 - Concha Moreno - Alquiler de apartamentos en Oropesa","robots":{"index":"noindex","follow":"nofollow"},"og_locale":"fr_FR","og_type":"article","og_title":"Accessibilit\u00e9 - Concha Moreno - Alquiler de apartamentos en Oropesa","og_description":"Le site web conchamoreno.com\/ appartenant \u00e0 CONCHA MORENO S.L, s&#8217;engage \u00e0 ce que le site web susmentionn\u00e9 soit accessible conform\u00e9ment au d\u00e9cret royal 1112\/2018, du 7 septembre, sur l&#8217;accessibilit\u00e9 des sites web et des applications du secteur public pour les appareils mobiles. La pr\u00e9sente d\u00e9claration d&#8217;accessibilit\u00e9 s&#8217;applique au site web https:\/\/conchamoreno.com\/. \u00c9TAT DE CONFORMIT\u00c9 Ce [&hellip;]","og_url":"https:\/\/conchamoreno.com\/fr\/accessibilite\/","og_site_name":"Concha Moreno - Alquiler de apartamentos en Oropesa","article_modified_time":"2025-02-13T18:51:56+00:00","twitter_card":"summary_large_image","twitter_misc":{"Dur\u00e9e de lecture estim\u00e9e":"3 minutes"},"schema":{"@context":"https:\/\/schema.org","@graph":[{"@type":"WebPage","@id":"https:\/\/conchamoreno.com\/fr\/accessibilite\/","url":"https:\/\/conchamoreno.com\/fr\/accessibilite\/","name":"Accessibilit\u00e9 - Concha Moreno - Alquiler de apartamentos en Oropesa","isPartOf":{"@id":"https:\/\/conchamoreno.com\/#website"},"datePublished":"2024-11-28T09:11:35+00:00","dateModified":"2025-02-13T18:51:56+00:00","breadcrumb":{"@id":"https:\/\/conchamoreno.com\/fr\/accessibilite\/#breadcrumb"},"inLanguage":"fr-FR","potentialAction":[{"@type":"ReadAction","target":["https:\/\/conchamoreno.com\/fr\/accessibilite\/"]}]},{"@type":"BreadcrumbList","@id":"https:\/\/conchamoreno.com\/fr\/accessibilite\/#breadcrumb","itemListElement":[{"@type":"ListItem","position":1,"name":"Portada","item":"https:\/\/conchamoreno.com\/"},{"@type":"ListItem","position":2,"name":"Accessibilit\u00e9"}]},{"@type":"WebSite","@id":"https:\/\/conchamoreno.com\/#website","url":"https:\/\/conchamoreno.com\/","name":"Concha Moreno - Alquiler de apartamentos en Oropesa","description":"Inmobiliaria en Oropesa del Mar especializada en el alquiler vacacional. Gestionamos la venta y el alquiler de villas, casas y apartamentos en Oropesa del Mar.","publisher":{"@id":"https:\/\/conchamoreno.com\/#organization"},"potentialAction":[{"@type":"SearchAction","target":{"@type":"EntryPoint","urlTemplate":"https:\/\/conchamoreno.com\/?s={search_term_string}"},"query-input":{"@type":"PropertyValueSpecification","valueRequired":true,"valueName":"search_term_string"}}],"inLanguage":"fr-FR"},{"@type":"Organization","@id":"https:\/\/conchamoreno.com\/#organization","name":"Concha Moreno - Alquiler de apartamentos en Oropesa","url":"https:\/\/conchamoreno.com\/","logo":{"@type":"ImageObject","inLanguage":"fr-FR","@id":"https:\/\/conchamoreno.com\/#\/schema\/logo\/image\/","url":"https:\/\/conchamoreno.com\/wp-content\/uploads\/2024\/03\/Logo_Concha-Moreno_Inmobiliaria.jpg","contentUrl":"https:\/\/conchamoreno.com\/wp-content\/uploads\/2024\/03\/Logo_Concha-Moreno_Inmobiliaria.jpg","width":500,"height":500,"caption":"Concha Moreno - Alquiler de apartamentos en Oropesa"},"image":{"@id":"https:\/\/conchamoreno.com\/#\/schema\/logo\/image\/"}}]}},"_links":{"self":[{"href":"https:\/\/conchamoreno.com\/fr\/wp-json\/wp\/v2\/pages\/35812","targetHints":{"allow":["GET"]}}],"collection":[{"href":"https:\/\/conchamoreno.com\/fr\/wp-json\/wp\/v2\/pages"}],"about":[{"href":"https:\/\/conchamoreno.com\/fr\/wp-json\/wp\/v2\/types\/page"}],"author":[{"embeddable":true,"href":"https:\/\/conchamoreno.com\/fr\/wp-json\/wp\/v2\/users\/266"}],"replies":[{"embeddable":true,"href":"https:\/\/conchamoreno.com\/fr\/wp-json\/wp\/v2\/comments?post=35812"}],"version-history":[{"count":1,"href":"https:\/\/conchamoreno.com\/fr\/wp-json\/wp\/v2\/pages\/35812\/revisions"}],"predecessor-version":[{"id":35813,"href":"https:\/\/conchamoreno.com\/fr\/wp-json\/wp\/v2\/pages\/35812\/revisions\/35813"}],"wp:attachment":[{"href":"https:\/\/conchamoreno.com\/fr\/wp-json\/wp\/v2\/media?parent=35812"}],"curies":[{"name":"wp","href":"https:\/\/api.w.org\/{rel}","templated":true}]}}