{"id":35825,"date":"2024-05-27T10:40:55","date_gmt":"2024-05-27T10:40:55","guid":{"rendered":"https:\/\/conchamoreno.com\/politique-de-confidentialite\/"},"modified":"2025-02-13T21:25:17","modified_gmt":"2025-02-13T21:25:17","slug":"politique-de-confidentialite","status":"publish","type":"page","link":"https:\/\/conchamoreno.com\/fr\/politique-de-confidentialite\/","title":{"rendered":"Politique de confidentialit\u00e9"},"content":{"rendered":"\t\t<div data-elementor-type=\"wp-page\" data-elementor-id=\"35825\" class=\"elementor elementor-35825 elementor-14452\" data-elementor-post-type=\"page\">\n\t\t\t\t<div class=\"elementor-element elementor-element-b5ac1f1 e-flex e-con-boxed e-con e-parent\" data-id=\"b5ac1f1\" data-element_type=\"container\" data-e-type=\"container\">\n\t\t\t\t\t<div class=\"e-con-inner\">\n\t\t\t\t<div class=\"elementor-element elementor-element-9b7b9d7 elementor-widget elementor-widget-heading\" data-id=\"9b7b9d7\" data-element_type=\"widget\" data-e-type=\"widget\" data-widget_type=\"heading.default\">\n\t\t\t\t<div class=\"elementor-widget-container\">\n\t\t\t\t\t<h2 class=\"elementor-heading-title elementor-size-default\">1.- Informations sur l'utilisateur<\/h2>\t\t\t\t<\/div>\n\t\t\t\t<\/div>\n\t\t\t\t<div class=\"elementor-element elementor-element-d375756 elementor-widget elementor-widget-heading\" data-id=\"d375756\" data-element_type=\"widget\" data-e-type=\"widget\" data-widget_type=\"heading.default\">\n\t\t\t\t<div class=\"elementor-widget-container\">\n\t\t\t\t\t<h3 class=\"elementor-heading-title elementor-size-default\">Qui est responsable du traitement de vos donn\u00e9es personnelles ?<\/h3>\t\t\t\t<\/div>\n\t\t\t\t<\/div>\n\t\t\t\t<div class=\"elementor-element elementor-element-c96494d elementor-widget elementor-widget-text-editor\" data-id=\"c96494d\" data-element_type=\"widget\" data-e-type=\"widget\" data-widget_type=\"text-editor.default\">\n\t\t\t\t<div class=\"elementor-widget-container\">\n\t\t\t\t\t\t\t\t\t<p><strong>CONCHA MORENO S.L<\/strong> est RESPONSABLE du traitement des donn\u00e9es personnelles de l&#8217;UTILISATEUR et vous informe que ces donn\u00e9es seront trait\u00e9es conform\u00e9ment aux dispositions du r\u00e8glement (UE) 2016\/679, du 27 avril (GDPR), et de la loi organique 3\/2018, du 5 d\u00e9cembre (LOPDGDD).<\/p>\n\t\t\t\t\t\t\t\t<\/div>\n\t\t\t\t<\/div>\n\t\t\t\t<div class=\"elementor-element elementor-element-84f59be elementor-widget elementor-widget-heading\" data-id=\"84f59be\" data-element_type=\"widget\" data-e-type=\"widget\" data-widget_type=\"heading.default\">\n\t\t\t\t<div class=\"elementor-widget-container\">\n\t\t\t\t\t<h3 class=\"elementor-heading-title elementor-size-default\">Pourquoi traitons-nous vos donn\u00e9es personnelles ?<\/h3>\t\t\t\t<\/div>\n\t\t\t\t<\/div>\n\t\t\t\t<div class=\"elementor-element elementor-element-e3c76f5 elementor-widget elementor-widget-text-editor\" data-id=\"e3c76f5\" data-element_type=\"widget\" data-e-type=\"widget\" data-widget_type=\"text-editor.default\">\n\t\t\t\t<div class=\"elementor-widget-container\">\n\t\t\t\t\t\t\t\t\t<p>maintenir une relation commerciale avec l&#8217;utilisateur. Les op\u00e9rations envisag\u00e9es pour effectuer le traitement sont : <\/p>\n<ul>\n<li>Envoyer des communications commerciales publicitaires par courrier \u00e9lectronique, fax, SMS, MMS, r\u00e9seaux sociaux ou tout autre moyen \u00e9lectronique ou physique, pr\u00e9sent ou futur, permettant d&#8217;effectuer des communications commerciales. Ces communications seront effectu\u00e9es par le RESPONSABLE et seront li\u00e9es \u00e0 ses produits et services, ou \u00e0 ceux de ses collaborateurs ou fournisseurs, avec lesquels il a conclu un accord promotionnel. Dans ce cas, les tiers n&#8217;auront jamais acc\u00e8s aux donn\u00e9es personnelles.  <\/li>\n<li>R\u00e9aliser des \u00e9tudes de march\u00e9 et des analyses statistiques.<\/li>\n<li>Traiter les commandes, les demandes, r\u00e9pondre aux questions ou \u00e0 tout type de demande formul\u00e9e par l&#8217;UTILISATEUR par le biais de l&#8217;un des formulaires de contact disponibles sur le site web du RESPONSABLE.<\/li>\n<li>Pour envoyer la lettre d&#8217;information en ligne sur les nouvelles, les offres et les promotions de notre activit\u00e9.<\/li>\n<\/ul>\n\t\t\t\t\t\t\t\t<\/div>\n\t\t\t\t<\/div>\n\t\t\t\t<div class=\"elementor-element elementor-element-bb7eddb elementor-widget elementor-widget-heading\" data-id=\"bb7eddb\" data-element_type=\"widget\" data-e-type=\"widget\" data-widget_type=\"heading.default\">\n\t\t\t\t<div class=\"elementor-widget-container\">\n\t\t\t\t\t<h3 class=\"elementor-heading-title elementor-size-default\">Pourquoi pouvons-nous traiter vos donn\u00e9es personnelles ?<\/h3>\t\t\t\t<\/div>\n\t\t\t\t<\/div>\n\t\t\t\t<div class=\"elementor-element elementor-element-97a957f elementor-widget elementor-widget-text-editor\" data-id=\"97a957f\" data-element_type=\"widget\" data-e-type=\"widget\" data-widget_type=\"text-editor.default\">\n\t\t\t\t<div class=\"elementor-widget-container\">\n\t\t\t\t\t\t\t\t\t<p>Parce que le traitement est l\u00e9gitim\u00e9 par l&#8217;article 6 du GDPR comme suit :<\/p>\n<ul>\n<li>Avec le consentement de l&#8217;UTILISATEUR : envoi de communications commerciales et de la lettre d&#8217;information.<\/li>\n<li>Pour l&#8217;int\u00e9r\u00eat l\u00e9gitime du RESPONSABLE : r\u00e9aliser des \u00e9tudes de march\u00e9, des analyses statistiques, etc. et traiter des commandes, des demandes, etc. \u00e0 la demande de l&#8217;UTILISATEUR.<\/li>\n<\/ul>\n\t\t\t\t\t\t\t\t<\/div>\n\t\t\t\t<\/div>\n\t\t\t\t<div class=\"elementor-element elementor-element-791066c elementor-widget elementor-widget-heading\" data-id=\"791066c\" data-element_type=\"widget\" data-e-type=\"widget\" data-widget_type=\"heading.default\">\n\t\t\t\t<div class=\"elementor-widget-container\">\n\t\t\t\t\t<h3 class=\"elementor-heading-title elementor-size-default\">Combien de temps conserverons-nous vos donn\u00e9es personnelles ?<\/h3>\t\t\t\t<\/div>\n\t\t\t\t<\/div>\n\t\t\t\t<div class=\"elementor-element elementor-element-351d2a8 elementor-widget elementor-widget-text-editor\" data-id=\"351d2a8\" data-element_type=\"widget\" data-e-type=\"widget\" data-widget_type=\"text-editor.default\">\n\t\t\t\t<div class=\"elementor-widget-container\">\n\t\t\t\t\t\t\t\t\t<p>Elles sont conserv\u00e9es pendant une dur\u00e9e n&#8217;exc\u00e9dant pas celle n\u00e9cessaire \u00e0 la r\u00e9alisation de la finalit\u00e9 du traitement ou \u00e0 la satisfaction d&#8217;exigences l\u00e9gales imposant leur conservation et, lorsqu&#8217;elles ne sont plus n\u00e9cessaires \u00e0 cette finalit\u00e9, elles sont effac\u00e9es avec des mesures de s\u00e9curit\u00e9 appropri\u00e9es pour garantir l&#8217;anonymisation des donn\u00e9es ou leur destruction totale.<\/p>\n\t\t\t\t\t\t\t\t<\/div>\n\t\t\t\t<\/div>\n\t\t\t\t<div class=\"elementor-element elementor-element-6c86e38 elementor-widget elementor-widget-heading\" data-id=\"6c86e38\" data-element_type=\"widget\" data-e-type=\"widget\" data-widget_type=\"heading.default\">\n\t\t\t\t<div class=\"elementor-widget-container\">\n\t\t\t\t\t<h3 class=\"elementor-heading-title elementor-size-default\">\u00c0 qui fournissons-nous vos donn\u00e9es personnelles ?<\/h3>\t\t\t\t<\/div>\n\t\t\t\t<\/div>\n\t\t\t\t<div class=\"elementor-element elementor-element-60dadf9 elementor-widget elementor-widget-text-editor\" data-id=\"60dadf9\" data-element_type=\"widget\" data-e-type=\"widget\" data-widget_type=\"text-editor.default\">\n\t\t\t\t<div class=\"elementor-widget-container\">\n\t\t\t\t\t\t\t\t\t<p>Aucune communication de donn\u00e9es \u00e0 caract\u00e8re personnel \u00e0 des tiers n&#8217;est pr\u00e9vue, sauf, si cela est n\u00e9cessaire au d\u00e9veloppement et \u00e0 l&#8217;ex\u00e9cution des finalit\u00e9s du traitement, \u00e0 nos prestataires de services li\u00e9s aux communications, avec lesquels le RESPONSABLE a sign\u00e9 les contrats de confidentialit\u00e9 et de traitement des donn\u00e9es requis par la r\u00e9glementation en vigueur en mati\u00e8re de protection de la vie priv\u00e9e.<\/p>\n\t\t\t\t\t\t\t\t<\/div>\n\t\t\t\t<\/div>\n\t\t\t\t<div class=\"elementor-element elementor-element-6aed610 elementor-widget elementor-widget-heading\" data-id=\"6aed610\" data-element_type=\"widget\" data-e-type=\"widget\" data-widget_type=\"heading.default\">\n\t\t\t\t<div class=\"elementor-widget-container\">\n\t\t\t\t\t<h3 class=\"elementor-heading-title elementor-size-default\">Quels sont vos droits ?<\/h3>\t\t\t\t<\/div>\n\t\t\t\t<\/div>\n\t\t\t\t<div class=\"elementor-element elementor-element-f92a2b6 elementor-widget elementor-widget-text-editor\" data-id=\"f92a2b6\" data-element_type=\"widget\" data-e-type=\"widget\" data-widget_type=\"text-editor.default\">\n\t\t\t\t<div class=\"elementor-widget-container\">\n\t\t\t\t\t\t\t\t\t<p>Les droits de l&#8217;UTILISATEUR sont les suivants :<\/p>\n<ul>\n<li>Droit de retirer son consentement \u00e0 tout moment.<\/li>\n<li>Le droit d&#8217;acc\u00e8s, de rectification, de portabilit\u00e9 et d&#8217;effacement de vos donn\u00e9es, ainsi que le droit de limiter leur traitement ou de s&#8217;y opposer.<\/li>\n<li>Le droit d&#8217;introduire une r\u00e9clamation aupr\u00e8s de l&#8217;autorit\u00e9 de contr\u00f4le (www.aepd.es) si vous estimez que le traitement n&#8217;est pas conforme \u00e0 la r\u00e9glementation en vigueur.<\/li>\n<\/ul>\n\t\t\t\t\t\t\t\t<\/div>\n\t\t\t\t<\/div>\n\t\t\t\t<div class=\"elementor-element elementor-element-bb43780 elementor-widget elementor-widget-heading\" data-id=\"bb43780\" data-element_type=\"widget\" data-e-type=\"widget\" data-widget_type=\"heading.default\">\n\t\t\t\t<div class=\"elementor-widget-container\">\n\t\t\t\t\t<h3 class=\"elementor-heading-title elementor-size-default\">Coordonn\u00e9es pour l'exercice de vos droits :<\/h3>\t\t\t\t<\/div>\n\t\t\t\t<\/div>\n\t\t\t\t<div class=\"elementor-element elementor-element-76c07bf elementor-widget elementor-widget-text-editor\" data-id=\"76c07bf\" data-element_type=\"widget\" data-e-type=\"widget\" data-widget_type=\"text-editor.default\">\n\t\t\t\t<div class=\"elementor-widget-container\">\n\t\t\t\t\t\t\t\t\t<p>CONCHA MORENO S.L. CALLE TERUEL 4 LOCAL 1, &#8211; 12594 OROPESA DEL MAR (Castell\u00f3). E-mail : CONCHA@CONCHAMORENO.COM. <\/p>\n\t\t\t\t\t\t\t\t<\/div>\n\t\t\t\t<\/div>\n\t\t\t\t\t<\/div>\n\t\t\t\t<\/div>\n\t\t<div class=\"elementor-element elementor-element-1b680ef e-flex e-con-boxed e-con e-parent\" data-id=\"1b680ef\" data-element_type=\"container\" data-e-type=\"container\">\n\t\t\t\t\t<div class=\"e-con-inner\">\n\t\t\t\t<div class=\"elementor-element elementor-element-f23cf60 elementor-widget elementor-widget-heading\" data-id=\"f23cf60\" data-element_type=\"widget\" data-e-type=\"widget\" data-widget_type=\"heading.default\">\n\t\t\t\t<div class=\"elementor-widget-container\">\n\t\t\t\t\t<h2 class=\"elementor-heading-title elementor-size-default\">Caract\u00e8re obligatoire ou facultatif des informations fournies par l'utilisateur.<\/h2>\t\t\t\t<\/div>\n\t\t\t\t<\/div>\n\t\t\t\t<div class=\"elementor-element elementor-element-c7a5679 elementor-widget elementor-widget-text-editor\" data-id=\"c7a5679\" data-element_type=\"widget\" data-e-type=\"widget\" data-widget_type=\"text-editor.default\">\n\t\t\t\t<div class=\"elementor-widget-container\">\n\t\t\t\t\t\t\t\t\t<p>Les UTILISATEURS, en cochant les cases correspondantes et en saisissant les donn\u00e9es dans les champs marqu\u00e9s d&#8217;un ast\u00e9risque (*) dans le formulaire de contact ou pr\u00e9sent\u00e9s dans les formulaires de t\u00e9l\u00e9chargement, acceptent express\u00e9ment, librement et sans \u00e9quivoque que leurs donn\u00e9es soient n\u00e9cessaires pour r\u00e9pondre \u00e0 leur demande, par le fournisseur, \u00e9tant volontaire l&#8217;inclusion de donn\u00e9es dans les champs restants.<br \/>L&#8217;UTILISATEUR garantit que les donn\u00e9es personnelles fournies au RESPONSABLE sont v\u00e9ridiques et est responsable de la communication de tout changement les concernant. Le RESPONSABLE informe que toutes les donn\u00e9es demand\u00e9es par l&#8217;interm\u00e9diaire du site web sont obligatoires, car elles sont n\u00e9cessaires \u00e0 la fourniture d&#8217;un service optimal \u00e0 l&#8217;UTILISATEUR. Si toutes les donn\u00e9es ne sont pas fournies, il n&#8217;est pas garanti que les informations et les services fournis seront parfaitement adapt\u00e9s \u00e0 vos besoins.  <\/p>\n\t\t\t\t\t\t\t\t<\/div>\n\t\t\t\t<\/div>\n\t\t\t\t\t<\/div>\n\t\t\t\t<\/div>\n\t\t<div class=\"elementor-element elementor-element-eba8c23 e-flex e-con-boxed e-con e-parent\" data-id=\"eba8c23\" data-element_type=\"container\" data-e-type=\"container\">\n\t\t\t\t\t<div class=\"e-con-inner\">\n\t\t\t\t<div class=\"elementor-element elementor-element-4554046 elementor-widget elementor-widget-heading\" data-id=\"4554046\" data-element_type=\"widget\" data-e-type=\"widget\" data-widget_type=\"heading.default\">\n\t\t\t\t<div class=\"elementor-widget-container\">\n\t\t\t\t\t<h2 class=\"elementor-heading-title elementor-size-default\">3.- Mesures de s\u00e9curit\u00e9<\/h2>\t\t\t\t<\/div>\n\t\t\t\t<\/div>\n\t\t\t\t<div class=\"elementor-element elementor-element-d6b3ecf elementor-widget elementor-widget-text-editor\" data-id=\"d6b3ecf\" data-element_type=\"widget\" data-e-type=\"widget\" data-widget_type=\"text-editor.default\">\n\t\t\t\t<div class=\"elementor-widget-container\">\n\t\t\t\t\t\t\t\t\t<p>Que conform\u00e9ment aux dispositions de la r\u00e9glementation en vigueur en mati\u00e8re de protection des donn\u00e9es \u00e0 caract\u00e8re personnel, le RESPONSABLE respecte l&#8217;ensemble des dispositions du RGPD et de la LOPDGDD pour le traitement des donn\u00e9es \u00e0 caract\u00e8re personnel sous sa responsabilit\u00e9, et manifestement les principes d\u00e9crits \u00e0 l&#8217;article 5 du RGPD, selon lesquels elles sont trait\u00e9es de mani\u00e8re licite, loyale et transparente \u00e0 l&#8217;\u00e9gard de la personne concern\u00e9e et sont ad\u00e9quates, pertinentes et limit\u00e9es \u00e0 ce qui est n\u00e9cessaire au regard des finalit\u00e9s pour lesquelles elles sont trait\u00e9es.<br \/>Le RESPONSABLE garantit qu&#8217;il a mis en \u0153uvre les politiques techniques et organisationnelles appropri\u00e9es pour appliquer les mesures de s\u00e9curit\u00e9 \u00e9tablies par le GDPR et la LOPDGDD afin de prot\u00e9ger les droits et libert\u00e9s des UTILISATEURS et qu&#8217;il leur a communiqu\u00e9 les informations appropri\u00e9es pour qu&#8217;ils puissent les exercer.<br \/>Pour plus d&#8217;informations sur les garanties de confidentialit\u00e9, vous pouvez contacter le RESPONSABLE par l&#8217;interm\u00e9diaire de CONCHA MORENO S.L. CALLE TERUEL 4 LOCAL 1, &#8211; 12594 OROPESA DEL MAR (Castell\u00f3). E-mail : CONCHA@CONCHAMORENO.COM<\/p>\n\t\t\t\t\t\t\t\t<\/div>\n\t\t\t\t<\/div>\n\t\t\t\t\t<\/div>\n\t\t\t\t<\/div>\n\t\t\t\t<\/div>\n\t\t","protected":false},"excerpt":{"rendered":"<p>1.- Informations sur l&#8217;utilisateur Qui est responsable du traitement de vos donn\u00e9es personnelles ? CONCHA MORENO S.L est RESPONSABLE du traitement des donn\u00e9es personnelles de l&#8217;UTILISATEUR et vous informe que ces donn\u00e9es seront trait\u00e9es conform\u00e9ment aux dispositions du r\u00e8glement (UE) 2016\/679, du 27 avril (GDPR), et de la loi organique 3\/2018, du 5 d\u00e9cembre (LOPDGDD). [&hellip;]<\/p>\n","protected":false},"author":266,"featured_media":0,"parent":0,"menu_order":0,"comment_status":"closed","ping_status":"closed","template":"","meta":{"_joinchat":[],"footnotes":""},"class_list":["post-35825","page","type-page","status-publish","hentry"],"yoast_head":"<!-- This site is optimized with the Yoast SEO plugin v27.0 - https:\/\/yoast.com\/product\/yoast-seo-wordpress\/ -->\n<title>Politique de confidentialit\u00e9 - Concha Moreno - Alquiler de apartamentos en Oropesa<\/title>\n<meta name=\"robots\" content=\"index, follow, max-snippet:-1, max-image-preview:large, max-video-preview:-1\" \/>\n<link rel=\"canonical\" href=\"https:\/\/conchamoreno.com\/fr\/politique-de-confidentialite\/\" \/>\n<meta property=\"og:locale\" content=\"fr_FR\" \/>\n<meta property=\"og:type\" content=\"article\" \/>\n<meta property=\"og:title\" content=\"Politique de confidentialit\u00e9 - Concha Moreno - Alquiler de apartamentos en Oropesa\" \/>\n<meta property=\"og:description\" content=\"1.- Informations sur l&#8217;utilisateur Qui est responsable du traitement de vos donn\u00e9es personnelles ? CONCHA MORENO S.L est RESPONSABLE du traitement des donn\u00e9es personnelles de l&#8217;UTILISATEUR et vous informe que ces donn\u00e9es seront trait\u00e9es conform\u00e9ment aux dispositions du r\u00e8glement (UE) 2016\/679, du 27 avril (GDPR), et de la loi organique 3\/2018, du 5 d\u00e9cembre (LOPDGDD). [&hellip;]\" \/>\n<meta property=\"og:url\" content=\"https:\/\/conchamoreno.com\/fr\/politique-de-confidentialite\/\" \/>\n<meta property=\"og:site_name\" content=\"Concha Moreno - Alquiler de apartamentos en Oropesa\" \/>\n<meta property=\"article:modified_time\" content=\"2025-02-13T21:25:17+00:00\" \/>\n<meta name=\"twitter:card\" content=\"summary_large_image\" \/>\n<meta name=\"twitter:label1\" content=\"Dur\u00e9e de lecture estim\u00e9e\" \/>\n\t<meta name=\"twitter:data1\" content=\"4 minutes\" \/>\n<script type=\"application\/ld+json\" class=\"yoast-schema-graph\">{\"@context\":\"https:\/\/schema.org\",\"@graph\":[{\"@type\":\"WebPage\",\"@id\":\"https:\/\/conchamoreno.com\/fr\/politique-de-confidentialite\/\",\"url\":\"https:\/\/conchamoreno.com\/fr\/politique-de-confidentialite\/\",\"name\":\"Politique de confidentialit\u00e9 - Concha Moreno - Alquiler de apartamentos en Oropesa\",\"isPartOf\":{\"@id\":\"https:\/\/conchamoreno.com\/#website\"},\"datePublished\":\"2024-05-27T10:40:55+00:00\",\"dateModified\":\"2025-02-13T21:25:17+00:00\",\"breadcrumb\":{\"@id\":\"https:\/\/conchamoreno.com\/fr\/politique-de-confidentialite\/#breadcrumb\"},\"inLanguage\":\"fr-FR\",\"potentialAction\":[{\"@type\":\"ReadAction\",\"target\":[\"https:\/\/conchamoreno.com\/fr\/politique-de-confidentialite\/\"]}]},{\"@type\":\"BreadcrumbList\",\"@id\":\"https:\/\/conchamoreno.com\/fr\/politique-de-confidentialite\/#breadcrumb\",\"itemListElement\":[{\"@type\":\"ListItem\",\"position\":1,\"name\":\"Portada\",\"item\":\"https:\/\/conchamoreno.com\/\"},{\"@type\":\"ListItem\",\"position\":2,\"name\":\"Politique de confidentialit\u00e9\"}]},{\"@type\":\"WebSite\",\"@id\":\"https:\/\/conchamoreno.com\/#website\",\"url\":\"https:\/\/conchamoreno.com\/\",\"name\":\"Concha Moreno - Alquiler de apartamentos en Oropesa\",\"description\":\"Inmobiliaria en Oropesa del Mar especializada en el alquiler vacacional. Gestionamos la venta y el alquiler de villas, casas y apartamentos en Oropesa del Mar.\",\"publisher\":{\"@id\":\"https:\/\/conchamoreno.com\/#organization\"},\"potentialAction\":[{\"@type\":\"SearchAction\",\"target\":{\"@type\":\"EntryPoint\",\"urlTemplate\":\"https:\/\/conchamoreno.com\/?s={search_term_string}\"},\"query-input\":{\"@type\":\"PropertyValueSpecification\",\"valueRequired\":true,\"valueName\":\"search_term_string\"}}],\"inLanguage\":\"fr-FR\"},{\"@type\":\"Organization\",\"@id\":\"https:\/\/conchamoreno.com\/#organization\",\"name\":\"Concha Moreno - Alquiler de apartamentos en Oropesa\",\"url\":\"https:\/\/conchamoreno.com\/\",\"logo\":{\"@type\":\"ImageObject\",\"inLanguage\":\"fr-FR\",\"@id\":\"https:\/\/conchamoreno.com\/#\/schema\/logo\/image\/\",\"url\":\"https:\/\/conchamoreno.com\/wp-content\/uploads\/2024\/03\/Logo_Concha-Moreno_Inmobiliaria.jpg\",\"contentUrl\":\"https:\/\/conchamoreno.com\/wp-content\/uploads\/2024\/03\/Logo_Concha-Moreno_Inmobiliaria.jpg\",\"width\":500,\"height\":500,\"caption\":\"Concha Moreno - Alquiler de apartamentos en Oropesa\"},\"image\":{\"@id\":\"https:\/\/conchamoreno.com\/#\/schema\/logo\/image\/\"}}]}<\/script>\n<!-- \/ Yoast SEO plugin. -->","yoast_head_json":{"title":"Politique de confidentialit\u00e9 - Concha Moreno - Alquiler de apartamentos en Oropesa","robots":{"index":"index","follow":"follow","max-snippet":"max-snippet:-1","max-image-preview":"max-image-preview:large","max-video-preview":"max-video-preview:-1"},"canonical":"https:\/\/conchamoreno.com\/fr\/politique-de-confidentialite\/","og_locale":"fr_FR","og_type":"article","og_title":"Politique de confidentialit\u00e9 - Concha Moreno - Alquiler de apartamentos en Oropesa","og_description":"1.- Informations sur l&#8217;utilisateur Qui est responsable du traitement de vos donn\u00e9es personnelles ? CONCHA MORENO S.L est RESPONSABLE du traitement des donn\u00e9es personnelles de l&#8217;UTILISATEUR et vous informe que ces donn\u00e9es seront trait\u00e9es conform\u00e9ment aux dispositions du r\u00e8glement (UE) 2016\/679, du 27 avril (GDPR), et de la loi organique 3\/2018, du 5 d\u00e9cembre (LOPDGDD). [&hellip;]","og_url":"https:\/\/conchamoreno.com\/fr\/politique-de-confidentialite\/","og_site_name":"Concha Moreno - Alquiler de apartamentos en Oropesa","article_modified_time":"2025-02-13T21:25:17+00:00","twitter_card":"summary_large_image","twitter_misc":{"Dur\u00e9e de lecture estim\u00e9e":"4 minutes"},"schema":{"@context":"https:\/\/schema.org","@graph":[{"@type":"WebPage","@id":"https:\/\/conchamoreno.com\/fr\/politique-de-confidentialite\/","url":"https:\/\/conchamoreno.com\/fr\/politique-de-confidentialite\/","name":"Politique de confidentialit\u00e9 - Concha Moreno - Alquiler de apartamentos en Oropesa","isPartOf":{"@id":"https:\/\/conchamoreno.com\/#website"},"datePublished":"2024-05-27T10:40:55+00:00","dateModified":"2025-02-13T21:25:17+00:00","breadcrumb":{"@id":"https:\/\/conchamoreno.com\/fr\/politique-de-confidentialite\/#breadcrumb"},"inLanguage":"fr-FR","potentialAction":[{"@type":"ReadAction","target":["https:\/\/conchamoreno.com\/fr\/politique-de-confidentialite\/"]}]},{"@type":"BreadcrumbList","@id":"https:\/\/conchamoreno.com\/fr\/politique-de-confidentialite\/#breadcrumb","itemListElement":[{"@type":"ListItem","position":1,"name":"Portada","item":"https:\/\/conchamoreno.com\/"},{"@type":"ListItem","position":2,"name":"Politique de confidentialit\u00e9"}]},{"@type":"WebSite","@id":"https:\/\/conchamoreno.com\/#website","url":"https:\/\/conchamoreno.com\/","name":"Concha Moreno - Alquiler de apartamentos en Oropesa","description":"Inmobiliaria en Oropesa del Mar especializada en el alquiler vacacional. Gestionamos la venta y el alquiler de villas, casas y apartamentos en Oropesa del Mar.","publisher":{"@id":"https:\/\/conchamoreno.com\/#organization"},"potentialAction":[{"@type":"SearchAction","target":{"@type":"EntryPoint","urlTemplate":"https:\/\/conchamoreno.com\/?s={search_term_string}"},"query-input":{"@type":"PropertyValueSpecification","valueRequired":true,"valueName":"search_term_string"}}],"inLanguage":"fr-FR"},{"@type":"Organization","@id":"https:\/\/conchamoreno.com\/#organization","name":"Concha Moreno - Alquiler de apartamentos en Oropesa","url":"https:\/\/conchamoreno.com\/","logo":{"@type":"ImageObject","inLanguage":"fr-FR","@id":"https:\/\/conchamoreno.com\/#\/schema\/logo\/image\/","url":"https:\/\/conchamoreno.com\/wp-content\/uploads\/2024\/03\/Logo_Concha-Moreno_Inmobiliaria.jpg","contentUrl":"https:\/\/conchamoreno.com\/wp-content\/uploads\/2024\/03\/Logo_Concha-Moreno_Inmobiliaria.jpg","width":500,"height":500,"caption":"Concha Moreno - Alquiler de apartamentos en Oropesa"},"image":{"@id":"https:\/\/conchamoreno.com\/#\/schema\/logo\/image\/"}}]}},"_links":{"self":[{"href":"https:\/\/conchamoreno.com\/fr\/wp-json\/wp\/v2\/pages\/35825","targetHints":{"allow":["GET"]}}],"collection":[{"href":"https:\/\/conchamoreno.com\/fr\/wp-json\/wp\/v2\/pages"}],"about":[{"href":"https:\/\/conchamoreno.com\/fr\/wp-json\/wp\/v2\/types\/page"}],"author":[{"embeddable":true,"href":"https:\/\/conchamoreno.com\/fr\/wp-json\/wp\/v2\/users\/266"}],"replies":[{"embeddable":true,"href":"https:\/\/conchamoreno.com\/fr\/wp-json\/wp\/v2\/comments?post=35825"}],"version-history":[{"count":1,"href":"https:\/\/conchamoreno.com\/fr\/wp-json\/wp\/v2\/pages\/35825\/revisions"}],"predecessor-version":[{"id":35826,"href":"https:\/\/conchamoreno.com\/fr\/wp-json\/wp\/v2\/pages\/35825\/revisions\/35826"}],"wp:attachment":[{"href":"https:\/\/conchamoreno.com\/fr\/wp-json\/wp\/v2\/media?parent=35825"}],"curies":[{"name":"wp","href":"https:\/\/api.w.org\/{rel}","templated":true}]}}